{"id":146786,"date":"2026-03-10T10:35:51","date_gmt":"2026-03-10T10:35:51","guid":{"rendered":"https:\/\/allisonbaby.de\/offene-stellen\/brand-manager-joie-m-w-d\/"},"modified":"2026-03-17T09:52:04","modified_gmt":"2026-03-17T09:52:04","slug":"manager-marketing-nuna-m-w-d","status":"publish","type":"portfolio","link":"https:\/\/allisonbaby.de\/en\/offene-stellen\/manager-marketing-nuna-m-w-d\/","title":{"rendered":"Manager Marketing Nuna (m\/w\/d)"},"content":{"rendered":"<div class=\"wpb-content-wrapper\"><p>[vc_row row_height_percent=&#8221;0&#8243; override_padding=&#8221;yes&#8221; h_padding=&#8221;2&#8243; top_padding=&#8221;7&#8243; bottom_padding=&#8221;7&#8243; back_color=&#8221;color-xsdn&#8221; overlay_alpha=&#8221;50&#8243; gutter_size=&#8221;3&#8243; column_width_percent=&#8221;100&#8243; shift_y=&#8221;0&#8243; z_index=&#8221;0&#8243; uncode_shortcode_id=&#8221;121298&#8243; back_color_type=&#8221;uncode-palette&#8221;][vc_column column_width_percent=&#8221;100&#8243; position_vertical=&#8221;middle&#8221; align_horizontal=&#8221;align_center&#8221; gutter_size=&#8221;2&#8243; overlay_alpha=&#8221;50&#8243; shift_x=&#8221;0&#8243; shift_y=&#8221;0&#8243; shift_y_down=&#8221;0&#8243; z_index=&#8221;0&#8243; medium_width=&#8221;0&#8243; mobile_width=&#8221;0&#8243; width=&#8221;1\/1&#8243; uncode_shortcode_id=&#8221;165948&#8243;][vc_custom_heading auto_text=&#8221;yes&#8221; heading_semantic=&#8221;h1&#8243; text_size=&#8221;&#8221; uncode_shortcode_id=&#8221;148291&#8243;]Graphic Design<br \/>\nand Branding[\/vc_custom_heading][vc_column_text text_lead=&#8221;yes&#8221; uncode_shortcode_id=&#8221;125979&#8243;]Vollzeit[\/vc_column_text][vc_empty_space empty_h=&#8221;2&#8243;][vc_button button_color=&#8221;accent&#8221; border_animation=&#8221;btn-ripple-out&#8221; border_width=&#8221;0&#8243; link=&#8221;url:https%3A%2F%2Fjobapplication.hrworks.de%2Fapply%3FcompanyId%3Duf60083%26id%3D293e71|target:_blank&#8221; button_color_type=&#8221;uncode-palette&#8221; uncode_shortcode_id=&#8221;511754&#8243;]Zum Bewerbungsportal[\/vc_button][\/vc_column][\/vc_row][vc_row unlock_row_content=&#8221;yes&#8221; row_height_percent=&#8221;0&#8243; override_padding=&#8221;yes&#8221; h_padding=&#8221;0&#8243; top_padding=&#8221;0&#8243; bottom_padding=&#8221;0&#8243; overlay_alpha=&#8221;50&#8243; gutter_size=&#8221;3&#8243; column_width_percent=&#8221;100&#8243; shift_y=&#8221;0&#8243; z_index=&#8221;0&#8243; uncode_shortcode_id=&#8221;101206&#8243;][vc_column width=&#8221;1\/1&#8243;][vc_single_image media=&#8221;146496&#8243; media_width_percent=&#8221;100&#8243; media_ratio=&#8221;sixteen-nine&#8221; shadow=&#8221;yes&#8221; shadow_weight=&#8221;std&#8221; uncode_shortcode_id=&#8221;147125&#8243; media_link=&#8221;url:https%3A%2F%2Fjobapplication.hrworks.de%2Fapply%3FcompanyId%3Duf60083%26id%3D293e71&#8243;][\/vc_column][\/vc_row][vc_row unlock_row=&#8221;&#8221; row_height_percent=&#8221;0&#8243; override_padding=&#8221;yes&#8221; h_padding=&#8221;2&#8243; top_padding=&#8221;4&#8243; bottom_padding=&#8221;2&#8243; overlay_alpha=&#8221;50&#8243; gutter_size=&#8221;3&#8243; column_width_percent=&#8221;100&#8243; shift_y=&#8221;0&#8243; z_index=&#8221;0&#8243; content_parallax=&#8221;0&#8243; uncode_shortcode_id=&#8221;109504&#8243; row_name=&#8221;mehr&#8221;][vc_column column_width_percent=&#8221;100&#8243; position_vertical=&#8221;bottom&#8221; gutter_size=&#8221;3&#8243; overlay_alpha=&#8221;50&#8243; shift_x=&#8221;0&#8243; shift_y=&#8221;0&#8243; shift_y_down=&#8221;0&#8243; z_index=&#8221;0&#8243; medium_width=&#8221;0&#8243; mobile_width=&#8221;0&#8243; width=&#8221;1\/1&#8243; uncode_shortcode_id=&#8221;130768&#8243;][vc_row_inner row_inner_height_percent=&#8221;0&#8243; overlay_alpha=&#8221;50&#8243; gutter_size=&#8221;4&#8243; shift_y=&#8221;0&#8243; z_index=&#8221;0&#8243; limit_content=&#8221;&#8221; uncode_shortcode_id=&#8221;132244&#8243;][vc_column_inner column_width_percent=&#8221;100&#8243; gutter_size=&#8221;3&#8243; overlay_alpha=&#8221;50&#8243; shift_x=&#8221;0&#8243; shift_y=&#8221;0&#8243; shift_y_down=&#8221;0&#8243; z_index=&#8221;0&#8243; medium_width=&#8221;3&#8243; mobile_width=&#8221;7&#8243; width=&#8221;1\/3&#8243; uncode_shortcode_id=&#8221;117462&#8243;][vc_single_image media=&#8221;146483&#8243; media_width_percent=&#8221;100&#8243; media_ratio=&#8221;three-four&#8221; shadow=&#8221;yes&#8221; shadow_weight=&#8221;std&#8221; uncode_shortcode_id=&#8221;210188&#8243; media_link=&#8221;url:https%3A%2F%2Fjobapplication.hrworks.de%2Fapply%3FcompanyId%3Duf60083%26id%3D65ba3d&#8221;][\/vc_column_inner][vc_column_inner column_width_percent=&#8221;100&#8243; gutter_size=&#8221;3&#8243; overlay_alpha=&#8221;50&#8243; shift_x=&#8221;0&#8243; shift_y=&#8221;0&#8243; shift_y_down=&#8221;0&#8243; z_index=&#8221;0&#8243; medium_width=&#8221;5&#8243; mobile_width=&#8221;7&#8243; width=&#8221;2\/3&#8243; uncode_shortcode_id=&#8221;147557&#8243;][vc_column_text text_color=&#8221;color-jevc&#8221; uncode_shortcode_id=&#8221;393773&#8243; text_color_type=&#8221;uncode-palette&#8221;]Als Allison GmbH und Teil der Wonderland Nurserygoods Gruppe vermarkten und verkaufen wir in Deutschland, \u00d6sterreich, der Schweiz und in den Niederlanden durchdachte Baby- und Kinderausstattung der Marken Nuna, Joie und Graco, die nicht nur ihren Zweck erf\u00fcllt, sondern auch als optischer Hingucker und zuverl\u00e4ssiger Partner f\u00fcr alle Eltern punktet. Dabei steht eines f\u00fcr uns stets im Vordergrund: die Sicherheit und Geborgenheit der Kinder.<\/p>\n<p>Und wir freuen uns, wenn du Teil unseres Teams in Frankenthal (67227) bei Mannheim wirst und bei uns in <strong><span style=\"color: #b3302d;\">Vollzeit <\/span><span style=\"color: #b3302d;\">als <\/span><span style=\"color: #b3302d;\">Manager Marketing Nuna (m\/w\/d)<\/span><\/strong> einsteigst. Du hast Lust, zu zeigen, was Du kannst? Dann komm als Verst\u00e4rkung in unser Marketing Nuna Team.<\/p>\n<p>Lass uns deine Bewerbungsunterlagen unkompliziert \u00fcber das Online-Bewerbungsformular zukommen! Sag uns darin doch bitte auch, wann du bei uns anfangen kannst und in welchem Rahmen sich deine Gehaltsvorstellung bewegt.[\/vc_column_text][vc_button button_color=&#8221;accent&#8221; border_animation=&#8221;btn-ripple-out&#8221; border_width=&#8221;0&#8243; link=&#8221;url:https%3A%2F%2Fjobapplication.hrworks.de%2Fapply%3FcompanyId%3Duf60083%26id%3D293e71|target:_blank&#8221; button_color_type=&#8221;uncode-palette&#8221; uncode_shortcode_id=&#8221;203584&#8243;]Zum Bewerbungsportal[\/vc_button][\/vc_column_inner][\/vc_row_inner][\/vc_column][\/vc_row][vc_row unlock_row_content=&#8221;yes&#8221; row_height_percent=&#8221;0&#8243; override_padding=&#8221;yes&#8221; h_padding=&#8221;2&#8243; top_padding=&#8221;5&#8243; bottom_padding=&#8221;5&#8243; overlay_alpha=&#8221;50&#8243; equal_height=&#8221;yes&#8221; gutter_size=&#8221;2&#8243; column_width_use_pixel=&#8221;yes&#8221; shift_y=&#8221;0&#8243; z_index=&#8221;0&#8243; content_parallax=&#8221;0&#8243; uncode_shortcode_id=&#8221;151234&#8243; column_width_pixel=&#8221;1500&#8243;][vc_column column_width_percent=&#8221;100&#8243; gutter_size=&#8221;3&#8243; override_padding=&#8221;yes&#8221; column_padding=&#8221;3&#8243; style=&#8221;dark&#8221; back_color=&#8221;accent&#8221; overlay_alpha=&#8221;50&#8243; shadow=&#8221;lg&#8221; shift_x=&#8221;0&#8243; shift_y=&#8221;0&#8243; shift_y_down=&#8221;0&#8243; z_index=&#8221;0&#8243; medium_width=&#8221;0&#8243; mobile_width=&#8221;0&#8243; css_animation=&#8221;left-t-right&#8221; animation_speed=&#8221;1000&#8243; width=&#8221;1\/2&#8243; uncode_shortcode_id=&#8221;198221&#8243; back_color_type=&#8221;uncode-palette&#8221;][vc_custom_heading heading_semantic=&#8221;h3&#8243; text_transform=&#8221;uppercase&#8221; uncode_shortcode_id=&#8221;182555&#8243;]Das bringst Du mit:[\/vc_custom_heading][vc_row_inner limit_content=&#8221;&#8221;][vc_column_inner column_width_percent=&#8221;100&#8243; gutter_size=&#8221;3&#8243; style=&#8221;dark&#8221; overlay_alpha=&#8221;50&#8243; shift_x=&#8221;0&#8243; shift_y=&#8221;0&#8243; shift_y_down=&#8221;0&#8243; z_index=&#8221;0&#8243; medium_width=&#8221;0&#8243; align_mobile=&#8221;align_left_mobile&#8221; mobile_width=&#8221;0&#8243; width=&#8221;1\/1&#8243; uncode_shortcode_id=&#8221;125522&#8243;][vc_custom_heading heading_semantic=&#8221;p&#8221; text_size=&#8221;h5&#8243; text_weight=&#8221;400&#8243; uncode_shortcode_id=&#8221;204920&#8243;]<\/p>\n<ul>\n<li>Studienabschluss in BWL mit Schwerpunkt Marketing\/Brand-Management\/Marketing-Kommunikation oder vergleichbare Qualifikation<\/li>\n<li>Mindestens acht Jahre Erfahrung im Marketing\/Brand Management einer Marke im internationalen Kontext, bevorzugt aus dem Konsumg\u00fcterbereich. Relevante Vertriebserfahrung und Handelsverst\u00e4ndnis sind ein Plus<\/li>\n<li>Mehrj\u00e4hrige fachliche und disziplinarische F\u00fchrungserfahrung<\/li>\n<li>Einen Arbeitsstil, der gepr\u00e4gt ist von sehr hohem Verantwortungsbewusstsein, Weitsicht und Flexibilit\u00e4t<\/li>\n<li>Unternehmerisches Denken und sehr hohe Eigeninitiative sowie hervorragende Kommunikationsf\u00e4higkeiten auf unterschiedlichen Unternehmensebenen geh\u00f6ren zu deinen St\u00e4rken<\/li>\n<li>Flie\u00dfende Deutsch- sowie Englischkenntnisse in Wort und Schrift runden dein Profil ab. Weitere Fremdsprachen sind ein Plus.<\/li>\n<\/ul>\n<p>[\/vc_custom_heading][\/vc_column_inner][\/vc_row_inner][vc_row_inner limit_content=&#8221;&#8221;][vc_column_inner column_width_percent=&#8221;100&#8243; position_vertical=&#8221;middle&#8221; gutter_size=&#8221;3&#8243; style=&#8221;dark&#8221; overlay_alpha=&#8221;50&#8243; shift_x=&#8221;0&#8243; shift_y=&#8221;0&#8243; shift_y_down=&#8221;0&#8243; z_index=&#8221;0&#8243; medium_width=&#8221;4&#8243; align_mobile=&#8221;align_center_mobile&#8221; mobile_width=&#8221;0&#8243; width=&#8221;1\/2&#8243; uncode_shortcode_id=&#8221;160563&#8243;][vc_custom_heading heading_semantic=&#8221;h5&#8243; text_size=&#8221;custom&#8221; text_transform=&#8221;uppercase&#8221; uncode_shortcode_id=&#8221;172488&#8243; heading_custom_size=&#8221;clamp(30px, 3vw, 25px)&#8221;]Jetzt bewerben[\/vc_custom_heading][\/vc_column_inner][vc_column_inner column_width_percent=&#8221;100&#8243; position_vertical=&#8221;middle&#8221; align_horizontal=&#8221;align_right&#8221; gutter_size=&#8221;3&#8243; style=&#8221;dark&#8221; overlay_alpha=&#8221;50&#8243; shift_x=&#8221;0&#8243; shift_y=&#8221;0&#8243; shift_y_down=&#8221;0&#8243; z_index=&#8221;0&#8243; medium_width=&#8221;4&#8243; align_mobile=&#8221;align_center_mobile&#8221; mobile_width=&#8221;0&#8243; width=&#8221;1\/2&#8243; uncode_shortcode_id=&#8221;208739&#8243;][vc_icon icon=&#8221;fa fa-arrow-right2&#8243; background_style=&#8221;fa-rounded&#8221; size=&#8221;fa-2x&#8221; uncode_shortcode_id=&#8221;169562&#8243; link=&#8221;url:https%3A%2F%2Fjobapplication.hrworks.de%2Fapply%3FcompanyId%3Duf60083%26id%3D293e71|target:_blank&#8221;][\/vc_icon][\/vc_column_inner][\/vc_row_inner][\/vc_column][vc_column column_width_percent=&#8221;0&#8243; gutter_size=&#8221;3&#8243; override_padding=&#8221;yes&#8221; column_padding=&#8221;3&#8243; back_color=&#8221;color-lxmt&#8221; overlay_alpha=&#8221;50&#8243; shift_x=&#8221;0&#8243; shift_y=&#8221;0&#8243; shift_y_down=&#8221;0&#8243; z_index=&#8221;0&#8243; medium_width=&#8221;0&#8243; mobile_width=&#8221;0&#8243; css_animation=&#8221;right-t-left&#8221; animation_speed=&#8221;1000&#8243; width=&#8221;1\/2&#8243; uncode_shortcode_id=&#8221;950210&#8243; mobile_height=&#8221;33vh&#8221; back_color_type=&#8221;uncode-palette&#8221;][vc_custom_heading heading_semantic=&#8221;h3&#8243; text_transform=&#8221;uppercase&#8221; uncode_shortcode_id=&#8221;435882&#8243;]Das sind Deine Aufgaben bei uns:[\/vc_custom_heading][vc_row_inner limit_content=&#8221;&#8221;][vc_column_inner column_width_percent=&#8221;100&#8243; gutter_size=&#8221;3&#8243; style=&#8221;light&#8221; overlay_alpha=&#8221;50&#8243; shift_x=&#8221;0&#8243; shift_y=&#8221;0&#8243; shift_y_down=&#8221;0&#8243; z_index=&#8221;0&#8243; medium_width=&#8221;0&#8243; align_mobile=&#8221;align_left_mobile&#8221; mobile_width=&#8221;0&#8243; width=&#8221;1\/1&#8243; uncode_shortcode_id=&#8221;176485&#8243;][vc_custom_heading heading_semantic=&#8221;p&#8221; text_size=&#8221;h5&#8243; text_weight=&#8221;400&#8243; uncode_shortcode_id=&#8221;182892&#8243;]<\/p>\n<ul>\n<li>Fachliche und disziplinarische F\u00fchrung sowie Weiterentwicklung eines dreik\u00f6pfigen Marketing-Teams<\/li>\n<li>Verantwortung f\u00fcr die strategische Marketingplanung sowie Ableitung und Umsetzung der lokalen Marketingstrategie f\u00fcr die Marke Nuna in DACH &amp; HU<\/li>\n<li>Steuerung, Koordination und Erfolgskontrolle aller Trade-Marketing-Aktivit\u00e4ten (u. a. Ausbau der Premium-Distribution, POS-Projekte, Key-Account-Marketing-Aktivierungen online und instore)<\/li>\n<li>Planung, Implementierung und Weiterentwicklung des gesamten integrierten Kommunikationsmixes (online &amp; offline) f\u00fcr DACH &amp; HU<\/li>\n<li>Pitch, Onboarding, Steuerung und Performance-Management externer Agenturen<\/li>\n<li>Verantwortung f\u00fcr Marketing Insights &amp; Marktforschung: Onboarding, Steuerung und kontinuierliches Monitoring eines Real-Time-Market-Research-Partners<\/li>\n<li>Planung, Steuerung, \u00dcberwachung und Reporting der Marketingbudgets f\u00fcr DE\/AT, CH und Ungarn inklusive Budgetallokation und Erfolgskontrolle der Marketingma\u00dfnahmen<\/li>\n<\/ul>\n<p>[\/vc_custom_heading][\/vc_column_inner][\/vc_row_inner][vc_empty_space][vc_row_inner row_inner_height_percent=&#8221;0&#8243; overlay_alpha=&#8221;50&#8243; gutter_size=&#8221;3&#8243; shift_y=&#8221;0&#8243; z_index=&#8221;0&#8243; limit_content=&#8221;&#8221; uncode_shortcode_id=&#8221;338185&#8243; el_class=&#8221;hidden&#8221;][vc_column_inner column_width_percent=&#8221;100&#8243; position_vertical=&#8221;middle&#8221; gutter_size=&#8221;3&#8243; style=&#8221;light&#8221; overlay_alpha=&#8221;50&#8243; shift_x=&#8221;0&#8243; shift_y=&#8221;0&#8243; shift_y_down=&#8221;0&#8243; z_index=&#8221;0&#8243; medium_width=&#8221;4&#8243; align_mobile=&#8221;align_center_mobile&#8221; mobile_width=&#8221;0&#8243; width=&#8221;1\/2&#8243; uncode_shortcode_id=&#8221;681649&#8243;][vc_custom_heading heading_semantic=&#8221;h5&#8243; text_size=&#8221;custom&#8221; text_transform=&#8221;uppercase&#8221; uncode_shortcode_id=&#8221;945726&#8243; heading_custom_size=&#8221;clamp(30px, 3vw, 25px)&#8221;]Interesse?[\/vc_custom_heading][\/vc_column_inner][vc_column_inner column_width_percent=&#8221;100&#8243; position_vertical=&#8221;middle&#8221; align_horizontal=&#8221;align_right&#8221; gutter_size=&#8221;3&#8243; style=&#8221;light&#8221; overlay_alpha=&#8221;50&#8243; shift_x=&#8221;0&#8243; shift_y=&#8221;0&#8243; shift_y_down=&#8221;0&#8243; z_index=&#8221;0&#8243; medium_width=&#8221;4&#8243; align_mobile=&#8221;align_center_mobile&#8221; mobile_width=&#8221;0&#8243; width=&#8221;1\/2&#8243; uncode_shortcode_id=&#8221;524580&#8243;][vc_icon icon=&#8221;fa fa-arrow-right2&#8243; background_style=&#8221;fa-rounded&#8221; size=&#8221;fa-2x&#8221; uncode_shortcode_id=&#8221;733387&#8243;][\/vc_icon][\/vc_column_inner][\/vc_row_inner][\/vc_column][\/vc_row][vc_row row_height_percent=&#8221;0&#8243; override_padding=&#8221;yes&#8221; h_padding=&#8221;2&#8243; top_padding=&#8221;5&#8243; bottom_padding=&#8221;5&#8243; overlay_alpha=&#8221;50&#8243; gutter_size=&#8221;2&#8243; column_width_use_pixel=&#8221;yes&#8221; shift_y=&#8221;0&#8243; z_index=&#8221;2&#8243; top_divider=&#8221;gradient&#8221; bottom_divider=&#8221;step&#8221; content_parallax=&#8221;0&#8243; column_width_pixel=&#8221;1444&#8243; uncode_shortcode_id=&#8221;934810&#8243;][vc_column column_width_percent=&#8221;100&#8243; gutter_size=&#8221;4&#8243; overlay_alpha=&#8221;50&#8243; shift_x=&#8221;0&#8243; shift_y=&#8221;0&#8243; shift_y_down=&#8221;0&#8243; z_index=&#8221;0&#8243; medium_width=&#8221;0&#8243; mobile_width=&#8221;0&#8243; width=&#8221;1\/1&#8243; uncode_shortcode_id=&#8221;532565&#8243;][vc_row_inner limit_content=&#8221;&#8221;][vc_column_inner column_width_use_pixel=&#8221;yes&#8221; align_horizontal=&#8221;align_center&#8221; gutter_size=&#8221;3&#8243; overlay_alpha=&#8221;50&#8243; shift_x=&#8221;0&#8243; shift_y=&#8221;0&#8243; shift_y_down=&#8221;0&#8243; z_index=&#8221;0&#8243; medium_width=&#8221;0&#8243; mobile_width=&#8221;0&#8243; width=&#8221;1\/1&#8243; column_width_pixel=&#8221;770&#8243; el_class=&#8221;demo-center-section&#8221; uncode_shortcode_id=&#8221;639131&#8243;][vc_custom_heading heading_semantic=&#8221;h3&#8243; text_size=&#8221;custom&#8221; sub_lead=&#8221;yes&#8221; sub_reduced=&#8221;yes&#8221; el_class=&#8221;demo-heading&#8221; uncode_shortcode_id=&#8221;851030&#8243; heading_custom_size=&#8221;clamp(30px,4vw,50px)&#8221;]Unser Angebot[\/vc_custom_heading][\/vc_column_inner][\/vc_row_inner][vc_row_inner row_inner_height_percent=&#8221;0&#8243; overlay_alpha=&#8221;50&#8243; equal_height=&#8221;yes&#8221; gutter_size=&#8221;2&#8243; shift_y=&#8221;0&#8243; z_index=&#8221;0&#8243; limit_content=&#8221;&#8221; uncode_shortcode_id=&#8221;198092&#8243;][vc_column_inner column_width_percent=&#8221;100&#8243; gutter_size=&#8221;3&#8243; override_padding=&#8221;yes&#8221; column_padding=&#8221;3&#8243; back_color=&#8221;color-xsdn&#8221; overlay_alpha=&#8221;50&#8243; shadow=&#8221;std&#8221; shift_x=&#8221;0&#8243; shift_y=&#8221;0&#8243; shift_y_down=&#8221;0&#8243; z_index=&#8221;0&#8243; medium_width=&#8221;3&#8243; mobile_width=&#8221;0&#8243; css_animation=&#8221;bottom-t-top&#8221; animation_speed=&#8221;1000&#8243; shadow_hover=&#8221;yes&#8221; shadow_hover_weight=&#8221;std&#8221; width=&#8221;1\/3&#8243; uncode_shortcode_id=&#8221;192379&#8243; back_color_type=&#8221;uncode-palette&#8221;][vc_custom_heading text_color=&#8221;accent&#8221; heading_semantic=&#8221;h4&#8243; text_size=&#8221;custom&#8221; uncode_shortcode_id=&#8221;182310&#8243; subheading=&#8221;Du erh\u00e4ltst eine attraktive Verg\u00fctung, 30 Tage Urlaub und hast flexible Arbeitszeiten.&#8221; heading_custom_size=&#8221;clamp(25px,4vw,28px)&#8221; text_color_type=&#8221;uncode-palette&#8221;]Die Grundlagen[\/vc_custom_heading][\/vc_column_inner][vc_column_inner column_width_percent=&#8221;100&#8243; gutter_size=&#8221;3&#8243; override_padding=&#8221;yes&#8221; column_padding=&#8221;3&#8243; back_color=&#8221;color-xsdn&#8221; overlay_alpha=&#8221;50&#8243; shadow=&#8221;std&#8221; shift_x=&#8221;0&#8243; shift_y=&#8221;0&#8243; shift_y_down=&#8221;0&#8243; z_index=&#8221;0&#8243; medium_width=&#8221;3&#8243; mobile_width=&#8221;0&#8243; css_animation=&#8221;bottom-t-top&#8221; animation_speed=&#8221;1000&#8243; animation_delay=&#8221;200&#8243; shadow_hover=&#8221;yes&#8221; shadow_hover_weight=&#8221;std&#8221; width=&#8221;1\/3&#8243; uncode_shortcode_id=&#8221;128421&#8243; back_color_type=&#8221;uncode-palette&#8221;][vc_custom_heading text_color=&#8221;accent&#8221; heading_semantic=&#8221;h4&#8243; text_size=&#8221;custom&#8221; uncode_shortcode_id=&#8221;141375&#8243; subheading=&#8221;Es erwartet dich ein individuell zugeschnittenes Onboarding sowie eine fundierte Einarbeitung durch Kollegen, die sich auf dich freuen!&#8221; heading_custom_size=&#8221;clamp(25px,4vw,28px)&#8221; text_color_type=&#8221;uncode-palette&#8221;]Mit viel Unterst\u00fctzung an den Start gehen[\/vc_custom_heading][\/vc_column_inner][vc_column_inner column_width_percent=&#8221;100&#8243; gutter_size=&#8221;3&#8243; override_padding=&#8221;yes&#8221; column_padding=&#8221;3&#8243; back_color=&#8221;color-xsdn&#8221; overlay_alpha=&#8221;50&#8243; shadow=&#8221;std&#8221; shift_x=&#8221;0&#8243; shift_y=&#8221;0&#8243; shift_y_down=&#8221;0&#8243; z_index=&#8221;0&#8243; medium_width=&#8221;3&#8243; mobile_width=&#8221;0&#8243; css_animation=&#8221;bottom-t-top&#8221; animation_speed=&#8221;1000&#8243; animation_delay=&#8221;400&#8243; shadow_hover=&#8221;yes&#8221; shadow_hover_weight=&#8221;std&#8221; width=&#8221;1\/3&#8243; link_to=&#8221;|||&#8221; uncode_shortcode_id=&#8221;419962&#8243; back_color_type=&#8221;uncode-palette&#8221;][vc_custom_heading text_color=&#8221;accent&#8221; heading_semantic=&#8221;h4&#8243; text_size=&#8221;custom&#8221; uncode_shortcode_id=&#8221;133581&#8243; subheading=&#8221;Arbeiten in einem nachhaltigen B\u00fcrogeb\u00e4ude mit einem modernen Raumkonzept, das Kreativit\u00e4t und Teamarbeit f\u00f6rdert.&#8221; heading_custom_size=&#8221;clamp(25px,4vw,28px)&#8221; text_color_type=&#8221;uncode-palette&#8221;]Ein motivierendes Arbeitsumfeld[\/vc_custom_heading][\/vc_column_inner][\/vc_row_inner][vc_row_inner row_inner_height_percent=&#8221;0&#8243; overlay_alpha=&#8221;50&#8243; equal_height=&#8221;yes&#8221; gutter_size=&#8221;2&#8243; shift_y=&#8221;0&#8243; z_index=&#8221;0&#8243; limit_content=&#8221;&#8221; uncode_shortcode_id=&#8221;392938&#8243;][vc_column_inner column_width_percent=&#8221;100&#8243; gutter_size=&#8221;3&#8243; override_padding=&#8221;yes&#8221; column_padding=&#8221;3&#8243; back_color=&#8221;color-xsdn&#8221; overlay_alpha=&#8221;50&#8243; shadow=&#8221;std&#8221; shift_x=&#8221;0&#8243; shift_y=&#8221;0&#8243; shift_y_down=&#8221;0&#8243; z_index=&#8221;0&#8243; medium_width=&#8221;3&#8243; mobile_width=&#8221;0&#8243; css_animation=&#8221;bottom-t-top&#8221; animation_speed=&#8221;1000&#8243; animation_delay=&#8221;600&#8243; shadow_hover=&#8221;yes&#8221; shadow_hover_weight=&#8221;std&#8221; width=&#8221;1\/3&#8243; uncode_shortcode_id=&#8221;115814&#8243; back_color_type=&#8221;uncode-palette&#8221;][vc_custom_heading text_color=&#8221;accent&#8221; heading_semantic=&#8221;h4&#8243; text_size=&#8221;custom&#8221; uncode_shortcode_id=&#8221;941052&#8243; subheading=&#8221;Flache Hierarchien, Duz-Kultur, kurze Kommunikationswege und Kollegen mit einem tollen Teamspirit \u2013 und das alles als integrierter Teil eines global operierenden, nicht-b\u00f6rsennotierten Konzerns.&#8221; heading_custom_size=&#8221;clamp(25px,4vw,28px)&#8221; text_color_type=&#8221;uncode-palette&#8221;]Start-Up Flair trifft auf etabliertes Unternehmen[\/vc_custom_heading][\/vc_column_inner][vc_column_inner column_width_percent=&#8221;100&#8243; gutter_size=&#8221;3&#8243; override_padding=&#8221;yes&#8221; column_padding=&#8221;3&#8243; back_color=&#8221;color-xsdn&#8221; overlay_alpha=&#8221;50&#8243; shadow=&#8221;std&#8221; shift_x=&#8221;0&#8243; shift_y=&#8221;0&#8243; shift_y_down=&#8221;0&#8243; z_index=&#8221;0&#8243; medium_width=&#8221;3&#8243; mobile_width=&#8221;0&#8243; css_animation=&#8221;bottom-t-top&#8221; animation_speed=&#8221;1000&#8243; animation_delay=&#8221;800&#8243; shadow_hover=&#8221;yes&#8221; shadow_hover_weight=&#8221;std&#8221; width=&#8221;1\/3&#8243; uncode_shortcode_id=&#8221;348378&#8243; back_color_type=&#8221;uncode-palette&#8221;][vc_custom_heading text_color=&#8221;accent&#8221; heading_semantic=&#8221;h4&#8243; text_size=&#8221;custom&#8221; uncode_shortcode_id=&#8221;204991&#8243; subheading=&#8221;Betriebliche Altersvorsorge und betriebliche Krankenversicherung, Gruppenunfallversicherung, Firmenevents, attraktive Angebote rund um unsere Produkte, Bikeleasing-Option, Vorteilsportal f\u00fcr Mitarbeiterangebote und vieles mehr.&#8221; heading_custom_size=&#8221;clamp(25px,4vw,28px)&#8221; text_color_type=&#8221;uncode-palette&#8221;]Rundum gut versorgt[\/vc_custom_heading][\/vc_column_inner][vc_column_inner width=&#8221;1\/3&#8243;][\/vc_column_inner][\/vc_row_inner][\/vc_column][\/vc_row][vc_row unlock_row_content=&#8221;yes&#8221; row_height_percent=&#8221;0&#8243; override_padding=&#8221;yes&#8221; h_padding=&#8221;2&#8243; top_padding=&#8221;4&#8243; bottom_padding=&#8221;4&#8243; back_color=&#8221;color-xsdn&#8221; overlay_alpha=&#8221;50&#8243; gutter_size=&#8221;5&#8243; column_width_percent=&#8221;100&#8243; shift_y=&#8221;0&#8243; z_index=&#8221;0&#8243; content_parallax=&#8221;0&#8243; uncode_shortcode_id=&#8221;152338&#8243; back_color_type=&#8221;uncode-palette&#8221;][vc_column column_width_percent=&#8221;100&#8243; gutter_size=&#8221;3&#8243; overlay_alpha=&#8221;50&#8243; radius=&#8221;xl&#8221; shift_x=&#8221;0&#8243; shift_y=&#8221;0&#8243; shift_y_down=&#8221;0&#8243; z_index=&#8221;0&#8243; medium_width=&#8221;4&#8243; mobile_width=&#8221;0&#8243; css_animation=&#8221;alpha-anim&#8221; animation_speed=&#8221;1000&#8243; width=&#8221;1\/2&#8243; uncode_shortcode_id=&#8221;119581&#8243;][vc_single_image media=&#8221;146527&#8243; media_width_percent=&#8221;100&#8243; media_ratio=&#8221;one-one&#8221; alignment=&#8221;right&#8221; shadow=&#8221;yes&#8221; shadow_weight=&#8221;std&#8221; uncode_shortcode_id=&#8221;159249&#8243;][\/vc_column][vc_column column_width_percent=&#8221;100&#8243; gutter_size=&#8221;3&#8243; overlay_alpha=&#8221;50&#8243; shift_x=&#8221;0&#8243; shift_y=&#8221;0&#8243; shift_y_down=&#8221;0&#8243; z_index=&#8221;0&#8243; medium_width=&#8221;4&#8243; mobile_width=&#8221;0&#8243; css_animation=&#8221;alpha-anim&#8221; animation_speed=&#8221;1000&#8243; width=&#8221;1\/2&#8243; uncode_shortcode_id=&#8221;149088&#8243;][vc_row_inner limit_content=&#8221;&#8221;][vc_column_inner column_width_percent=&#8221;100&#8243; gutter_size=&#8221;2&#8243; overlay_alpha=&#8221;50&#8243; shift_x=&#8221;0&#8243; shift_y=&#8221;0&#8243; shift_y_down=&#8221;0&#8243; z_index=&#8221;0&#8243; medium_width=&#8221;0&#8243; mobile_width=&#8221;0&#8243; width=&#8221;9\/12&#8243; uncode_shortcode_id=&#8221;815020&#8243;][vc_custom_heading text_color=&#8221;color-wvjs&#8221; heading_semantic=&#8221;h6&#8243; text_size=&#8221;h6&#8243; text_transform=&#8221;uppercase&#8221; uncode_shortcode_id=&#8221;124427&#8243; text_color_type=&#8221;uncode-palette&#8221;]Unternehmen[\/vc_custom_heading][vc_custom_heading heading_semantic=&#8221;h3&#8243; text_size=&#8221;h3&#8243; uncode_shortcode_id=&#8221;161674&#8243;]Du hast uns deine Unterlagen geschickt, dann geht es jetzt so weiter:[\/vc_custom_heading][vc_empty_space][\/vc_column_inner][vc_column_inner column_width_percent=&#8221;100&#8243; align_horizontal=&#8221;align_right&#8221; gutter_size=&#8221;3&#8243; style=&#8221;dark&#8221; overlay_alpha=&#8221;50&#8243; shift_x=&#8221;0&#8243; shift_y=&#8221;0&#8243; shift_y_down=&#8221;0&#8243; z_index=&#8221;0&#8243; medium_visibility=&#8221;yes&#8221; medium_width=&#8221;0&#8243; mobile_visibility=&#8221;yes&#8221; mobile_width=&#8221;0&#8243; width=&#8221;3\/12&#8243; uncode_shortcode_id=&#8221;914993&#8243;][\/vc_column_inner][\/vc_row_inner][vc_row_inner limit_content=&#8221;&#8221;][vc_column_inner column_width_percent=&#8221;100&#8243; gutter_size=&#8221;3&#8243; overlay_alpha=&#8221;50&#8243; shift_x=&#8221;0&#8243; shift_y=&#8221;0&#8243; shift_y_down=&#8221;0&#8243; z_index=&#8221;0&#8243; medium_width=&#8221;0&#8243; mobile_width=&#8221;0&#8243; width=&#8221;1\/1&#8243; uncode_shortcode_id=&#8221;138757&#8243;][vc_column_text text_lead=&#8221;yes&#8221; uncode_shortcode_id=&#8221;153073&#8243;]Passt deine Bewerbung zur Stelle und hat uns \u00fcberzeugt, laden wir dich zu einem Gespr\u00e4ch in unser Office nach Frankenthal ein.<br \/>\nPasst dann noch der pers\u00f6nliche Eindruck f\u00fcr beide Seiten, treffen wir uns zu einem Zweitgespr\u00e4ch, um uns besser kennenzulernen, offene Fragen zu kl\u00e4ren und weitere Details zu besprechen. Anschlie\u00dfend melden wir uns schnellstm\u00f6glich zur\u00fcck und haben im Idealfall ein Angebot f\u00fcr dich schon auf dem Tisch.<\/p>\n<p>Du hast Fragen zu den offenen Positionen? Dann melde dich gerne bei Helene Blichmann, unserer Managerin Human Resources. Wir freuen uns auf dich!<\/p>\n<p><strong>Telefon:<\/strong>\u00a0<a href=\"tel:+4962333040230\">+49 6233 3040-230<\/a>[\/vc_column_text][\/vc_column_inner][\/vc_row_inner][\/vc_column][\/vc_row]<\/p>\n<\/div>","protected":false},"excerpt":{"rendered":"<p>Customer Marketing Coordinator (m\/w\/d) | Marketing Joie | Vollzeit<\/p>\n","protected":false},"author":5,"featured_media":0,"parent":0,"menu_order":0,"comment_status":"closed","ping_status":"open","template":"","meta":{"footnotes":""},"portfolio_category":[98],"class_list":["post-146786","portfolio","type-portfolio","status-publish","hentry","portfolio_category-full-time"],"yoast_head":"<!-- This site is optimized with the Yoast SEO plugin v27.5 - https:\/\/yoast.com\/product\/yoast-seo-wordpress\/ -->\n<title>Manager Marketing Nuna (m\/w\/d) - Willkommen bei Allison<\/title>\n<meta name=\"robots\" content=\"index, follow, max-snippet:-1, max-image-preview:large, max-video-preview:-1\" \/>\n<link rel=\"canonical\" href=\"https:\/\/allisonbaby.de\/en\/offene-stellen\/manager-marketing-nuna-m-w-d\/\" \/>\n<meta property=\"og:locale\" content=\"en_US\" \/>\n<meta property=\"og:type\" content=\"article\" \/>\n<meta property=\"og:title\" content=\"Manager Marketing Nuna (m\/w\/d) - Willkommen bei Allison\" \/>\n<meta property=\"og:description\" content=\"Customer Marketing Coordinator (m\/w\/d) | Marketing Joie | Vollzeit\" \/>\n<meta property=\"og:url\" content=\"https:\/\/allisonbaby.de\/en\/offene-stellen\/manager-marketing-nuna-m-w-d\/\" \/>\n<meta property=\"og:site_name\" content=\"Willkommen bei Allison\" \/>\n<meta property=\"article:modified_time\" content=\"2026-03-17T09:52:04+00:00\" \/>\n<meta name=\"twitter:card\" content=\"summary_large_image\" \/>\n<meta name=\"twitter:label1\" content=\"Est. reading time\" \/>\n\t<meta name=\"twitter:data1\" content=\"8 minutes\" \/>\n<script type=\"application\/ld+json\" class=\"yoast-schema-graph\">{\"@context\":\"https:\\\/\\\/schema.org\",\"@graph\":[{\"@type\":\"WebPage\",\"@id\":\"https:\\\/\\\/allisonbaby.de\\\/en\\\/offene-stellen\\\/manager-marketing-nuna-m-w-d\\\/\",\"url\":\"https:\\\/\\\/allisonbaby.de\\\/en\\\/offene-stellen\\\/manager-marketing-nuna-m-w-d\\\/\",\"name\":\"Manager Marketing Nuna (m\\\/w\\\/d) - Willkommen bei Allison\",\"isPartOf\":{\"@id\":\"https:\\\/\\\/allisonbaby.de\\\/en\\\/#website\"},\"datePublished\":\"2026-03-10T10:35:51+00:00\",\"dateModified\":\"2026-03-17T09:52:04+00:00\",\"breadcrumb\":{\"@id\":\"https:\\\/\\\/allisonbaby.de\\\/en\\\/offene-stellen\\\/manager-marketing-nuna-m-w-d\\\/#breadcrumb\"},\"inLanguage\":\"en-US\",\"potentialAction\":[{\"@type\":\"ReadAction\",\"target\":[\"https:\\\/\\\/allisonbaby.de\\\/en\\\/offene-stellen\\\/manager-marketing-nuna-m-w-d\\\/\"]}]},{\"@type\":\"BreadcrumbList\",\"@id\":\"https:\\\/\\\/allisonbaby.de\\\/en\\\/offene-stellen\\\/manager-marketing-nuna-m-w-d\\\/#breadcrumb\",\"itemListElement\":[{\"@type\":\"ListItem\",\"position\":1,\"name\":\"Startseite\",\"item\":\"https:\\\/\\\/allisonbaby.de\\\/en\\\/home\\\/\"},{\"@type\":\"ListItem\",\"position\":2,\"name\":\"Offene stellen\",\"item\":\"https:\\\/\\\/allisonbaby.de\\\/en\\\/offene-stellen\\\/\"},{\"@type\":\"ListItem\",\"position\":3,\"name\":\"Manager Marketing Nuna (m\\\/w\\\/d)\"}]},{\"@type\":\"WebSite\",\"@id\":\"https:\\\/\\\/allisonbaby.de\\\/en\\\/#website\",\"url\":\"https:\\\/\\\/allisonbaby.de\\\/en\\\/\",\"name\":\"Willkommen bei Allison\",\"description\":\"Die Allison GmbH steht mit den Marken Joie, Nuna und Graco f\u00fcr intelligente Kinderprodukte, die Eltern den Familienalltag ein bisschen leichter machen.\",\"potentialAction\":[{\"@type\":\"SearchAction\",\"target\":{\"@type\":\"EntryPoint\",\"urlTemplate\":\"https:\\\/\\\/allisonbaby.de\\\/en\\\/?s={search_term_string}\"},\"query-input\":{\"@type\":\"PropertyValueSpecification\",\"valueRequired\":true,\"valueName\":\"search_term_string\"}}],\"inLanguage\":\"en-US\"}]}<\/script>\n<!-- \/ Yoast SEO plugin. -->","yoast_head_json":{"title":"Manager Marketing Nuna (m\/w\/d) - Willkommen bei Allison","robots":{"index":"index","follow":"follow","max-snippet":"max-snippet:-1","max-image-preview":"max-image-preview:large","max-video-preview":"max-video-preview:-1"},"canonical":"https:\/\/allisonbaby.de\/en\/offene-stellen\/manager-marketing-nuna-m-w-d\/","og_locale":"en_US","og_type":"article","og_title":"Manager Marketing Nuna (m\/w\/d) - Willkommen bei Allison","og_description":"Customer Marketing Coordinator (m\/w\/d) | Marketing Joie | Vollzeit","og_url":"https:\/\/allisonbaby.de\/en\/offene-stellen\/manager-marketing-nuna-m-w-d\/","og_site_name":"Willkommen bei Allison","article_modified_time":"2026-03-17T09:52:04+00:00","twitter_card":"summary_large_image","twitter_misc":{"Est. reading time":"8 minutes"},"schema":{"@context":"https:\/\/schema.org","@graph":[{"@type":"WebPage","@id":"https:\/\/allisonbaby.de\/en\/offene-stellen\/manager-marketing-nuna-m-w-d\/","url":"https:\/\/allisonbaby.de\/en\/offene-stellen\/manager-marketing-nuna-m-w-d\/","name":"Manager Marketing Nuna (m\/w\/d) - Willkommen bei Allison","isPartOf":{"@id":"https:\/\/allisonbaby.de\/en\/#website"},"datePublished":"2026-03-10T10:35:51+00:00","dateModified":"2026-03-17T09:52:04+00:00","breadcrumb":{"@id":"https:\/\/allisonbaby.de\/en\/offene-stellen\/manager-marketing-nuna-m-w-d\/#breadcrumb"},"inLanguage":"en-US","potentialAction":[{"@type":"ReadAction","target":["https:\/\/allisonbaby.de\/en\/offene-stellen\/manager-marketing-nuna-m-w-d\/"]}]},{"@type":"BreadcrumbList","@id":"https:\/\/allisonbaby.de\/en\/offene-stellen\/manager-marketing-nuna-m-w-d\/#breadcrumb","itemListElement":[{"@type":"ListItem","position":1,"name":"Startseite","item":"https:\/\/allisonbaby.de\/en\/home\/"},{"@type":"ListItem","position":2,"name":"Offene stellen","item":"https:\/\/allisonbaby.de\/en\/offene-stellen\/"},{"@type":"ListItem","position":3,"name":"Manager Marketing Nuna (m\/w\/d)"}]},{"@type":"WebSite","@id":"https:\/\/allisonbaby.de\/en\/#website","url":"https:\/\/allisonbaby.de\/en\/","name":"Willkommen bei Allison","description":"Die Allison GmbH steht mit den Marken Joie, Nuna und Graco f\u00fcr intelligente Kinderprodukte, die Eltern den Familienalltag ein bisschen leichter machen.","potentialAction":[{"@type":"SearchAction","target":{"@type":"EntryPoint","urlTemplate":"https:\/\/allisonbaby.de\/en\/?s={search_term_string}"},"query-input":{"@type":"PropertyValueSpecification","valueRequired":true,"valueName":"search_term_string"}}],"inLanguage":"en-US"}]}},"_links":{"self":[{"href":"https:\/\/allisonbaby.de\/en\/wp-json\/wp\/v2\/portfolio\/146786","targetHints":{"allow":["GET"]}}],"collection":[{"href":"https:\/\/allisonbaby.de\/en\/wp-json\/wp\/v2\/portfolio"}],"about":[{"href":"https:\/\/allisonbaby.de\/en\/wp-json\/wp\/v2\/types\/portfolio"}],"author":[{"embeddable":true,"href":"https:\/\/allisonbaby.de\/en\/wp-json\/wp\/v2\/users\/5"}],"replies":[{"embeddable":true,"href":"https:\/\/allisonbaby.de\/en\/wp-json\/wp\/v2\/comments?post=146786"}],"version-history":[{"count":23,"href":"https:\/\/allisonbaby.de\/en\/wp-json\/wp\/v2\/portfolio\/146786\/revisions"}],"predecessor-version":[{"id":146921,"href":"https:\/\/allisonbaby.de\/en\/wp-json\/wp\/v2\/portfolio\/146786\/revisions\/146921"}],"wp:attachment":[{"href":"https:\/\/allisonbaby.de\/en\/wp-json\/wp\/v2\/media?parent=146786"}],"wp:term":[{"taxonomy":"portfolio_category","embeddable":true,"href":"https:\/\/allisonbaby.de\/en\/wp-json\/wp\/v2\/portfolio_category?post=146786"}],"curies":[{"name":"wp","href":"https:\/\/api.w.org\/{rel}","templated":true}]}}